{"id":2256,"date":"2020-02-12T14:12:49","date_gmt":"2020-02-12T13:12:49","guid":{"rendered":"http:\/\/vgc.mineral-agency.com\/vins\/oak-aged-muscadet-sevre-et-maine-sur-lie\/"},"modified":"2023-07-05T14:20:08","modified_gmt":"2023-07-05T12:20:08","slug":"oak-aged-muscadet-sevre-et-maine-sur-lie","status":"publish","type":"avada_portfolio","link":"https:\/\/vgc.fr\/en\/vins\/oak-aged-muscadet-sevre-et-maine-sur-lie\/","title":{"rendered":"Vieilli en F\u00fbt de Ch\u00eane &#8211; Muscadet S\u00e8vre et Maine sur lie"},"content":{"rendered":"<p><div class=\"fusion-fullwidth fullwidth-box fusion-builder-row-1 nonhundred-percent-fullwidth non-hundred-percent-height-scrolling fusion-equal-height-columns\" style=\"background-color: rgba(255,255,255,0);background-position: left top;background-repeat: no-repeat;padding-top:0px;padding-right:0px;padding-bottom:0px;padding-left:0px;margin-bottom: 0px;margin-top: 0px;border-width: 0px 0px 0px 0px;border-color:#eae9e9;border-style:solid;\" ><div class=\"fusion-builder-row fusion-row\"><div class=\"fusion-layout-column fusion_builder_column fusion-builder-column-0 fusion_builder_column_1_1 1_1 fusion-one-full fusion-column-first fusion-column-last\" style=\"margin-top:0px;margin-bottom:20px;\"><div class=\"fusion-column-wrapper fusion-flex-column-wrapper-legacy\" style=\"background-position:right bottom;background-repeat:no-repeat;-webkit-background-size:cover;-moz-background-size:cover;-o-background-size:cover;background-size:cover;padding: 0px 0px 0px 0px;\"><style type=\"text\/css\"><\/style><div class=\"fusion-title title fusion-title-1 fusion-title-text fusion-title-size-three titredroitesep\" style=\"margin-top:50px;margin-right:0px;margin-bottom:30px;margin-left:0px;\"><div class=\"title-sep-container\"><div class=\"title-sep sep-single sep-solid\" style=\"border-color:#c59f5d;\"><\/div><\/div><span class=\"awb-title-spacer\"><\/span><h3 class=\"title-heading-right fusion-responsive-typography-calculated\" style=\"margin:0;--fontSize:40;line-height:1;\"><h3 style=\"text-align: right;\">Ch\u00e2teau du Coing<\/h3>\n<div id=\"gtx-trans\" style=\"position: absolute; left: 323px; top: 43.7188px;\">\n<div class=\"gtx-trans-icon\"><\/div>\n<\/div><\/h3><\/div><div class=\"fusion-clearfix\"><\/div><\/div><\/div><\/div><\/div><div class=\"fusion-fullwidth fullwidth-box fusion-builder-row-2 nonhundred-percent-fullwidth non-hundred-percent-height-scrolling\" style=\"background-color: rgba(255,255,255,0);background-position: center center;background-repeat: no-repeat;padding-top:0px;padding-right:0px;padding-bottom:0px;padding-left:0px;margin-bottom: 0px;margin-top: 0px;border-width: 0px 0px 0px 0px;border-color:#eae9e9;border-style:solid;\" ><div class=\"fusion-builder-row fusion-row\"><div class=\"fusion-layout-column fusion_builder_column fusion-builder-column-1 fusion_builder_column_1_3 1_3 fusion-one-third fusion-column-first bottlewine\" style=\"width:33.333333333333%;width:calc(33.333333333333% - ( ( 4% ) * 0.33333333333333 ) );margin-right: 4%;margin-top:0px;margin-bottom:20px;\"><div class=\"fusion-column-wrapper fusion-flex-column-wrapper-legacy\" style=\"background-position:left top;background-repeat:no-repeat;-webkit-background-size:cover;-moz-background-size:cover;-o-background-size:cover;background-size:cover;padding: 0px 0px 0px 0px;\"><span class=\" fusion-imageframe imageframe-none imageframe-1 hover-type-none\"><img width=\"309\" height=\"1000\" title=\"8-FT-F\u00fbts-de-Ch\u00eane\" src=\"http:\/\/vgc.mineral-agency.com\/wp-content\/uploads\/2020\/01\/8-FT-F\u00fbts-de-Ch\u00eane.png\" class=\"img-responsive wp-image-1958\" srcset=\"https:\/\/vgc.fr\/wp-content\/uploads\/2020\/01\/8-FT-F\u00fbts-de-Ch\u00eane-200x647.png 200w, https:\/\/vgc.fr\/wp-content\/uploads\/2020\/01\/8-FT-F\u00fbts-de-Ch\u00eane.png 309w\" sizes=\"(max-width: 1105px) 100vw, 309px\" \/><\/span><div class=\"fusion-clearfix\"><\/div><\/div><\/div><div class=\"fusion-layout-column fusion_builder_column fusion-builder-column-2 fusion_builder_column_2_3 2_3 fusion-two-third fusion-column-last\" style=\"width:66.666666666667%;width:calc(66.666666666667% - ( ( 4% ) * 0.66666666666667 ) );margin-top:0px;margin-bottom:20px;\"><div class=\"fusion-column-wrapper fusion-flex-column-wrapper-legacy\" style=\"background-position:left top;background-repeat:no-repeat;-webkit-background-size:cover;-moz-background-size:cover;-o-background-size:cover;background-size:cover;padding: 0px 0px 0px 0px;\">\n<div class=\"table-2 fichetech\">\n<table width=\"100%\">\n<thead>\n<tr>\n<th><\/th>\n<th style=\"text-align: left;\">Oak-aged<\/th>\n<\/tr>\n<\/thead>\n<tbody>\n<tr>\n<td align=\"left\"><span class=\"appelation\">Appellation<\/span><\/td>\n<td align=\"left\">Muscadet S\u00e8vre et Maine sur lie<\/td>\n<\/tr>\n<tr>\n<td align=\"left\"><span class=\"cepage\">Grape variety<\/span><\/td>\n<td align=\"left\">Melon B.<\/td>\n<\/tr>\n<tr>\n<td align=\"left\"><span class=\"rendement\">Yield<\/span><\/td>\n<td align=\"left\">50HL\/HA<\/td>\n<\/tr>\n<tr>\n<td align=\"left\"><span class=\"terroir\">Terroir<\/span><\/td>\n<td align=\"left\">A unique terroir, as the vines are planted at the confluence of two rivers, the S\u00e8vre and the Maine. Vines of 65 years old.<br \/>\nSubsoil of metamorphic rock: two-mica and garnet gneiss.<\/td>\n<\/tr>\n<tr>\n<td align=\"left\"><span class=\"vinif\">Winemaking methods<\/span><\/td>\n<td align=\"left\">The must is pumped into new oak barrels at the start of fermentation. Once this is complete (after approximately three weeks), the wine is matured on lees in barrels until bottling in about April.<br \/>\nNo malolactic fermentation.<\/td>\n<\/tr>\n<tr>\n<td align=\"left\"><span class=\"degustation\">Tasting<\/span><\/td>\n<td align=\"left\">Very golden coloured wine. Balanced nose of vanilla and sweet stewed fruits.<br \/>\nNotes of toast and roasted coffee on the palate.<\/td>\n<\/tr>\n<tr>\n<td align=\"left\"><span class=\"accord\">Recommended with&#8230;<\/span><\/td>\n<td align=\"left\">Fish dishes in sauce, white meats, and also cheese. Enjoy chilled at approximately 12\u00b0C.<\/td>\n<\/tr>\n<\/tbody>\n<\/table>\n<\/div>\n<div class=\"fusion-clearfix\"><\/div><\/div><\/div><\/div><\/div><\/p>\n","protected":false},"excerpt":{"rendered":"","protected":false},"author":2,"featured_media":2258,"menu_order":13,"comment_status":"open","ping_status":"closed","template":"","format":"standard","meta":[],"portfolio_category":[74],"portfolio_skills":[],"portfolio_tags":[],"yoast_head":"<!-- This site is optimized with the Yoast SEO plugin v18.5.1 - https:\/\/yoast.com\/wordpress\/plugins\/seo\/ -->\n<title>Vieilli en F\u00fbt de Ch\u00eane - Muscadet S\u00e8vre et Maine sur lie - VGC<\/title>\n<meta name=\"robots\" content=\"index, follow, max-snippet:-1, max-image-preview:large, max-video-preview:-1\" \/>\n<link rel=\"canonical\" href=\"https:\/\/vgc.fr\/en\/vins\/oak-aged-muscadet-sevre-et-maine-sur-lie\/\" \/>\n<meta property=\"og:locale\" content=\"en_US\" \/>\n<meta property=\"og:type\" content=\"article\" \/>\n<meta property=\"og:title\" content=\"Vieilli en F\u00fbt de Ch\u00eane - Muscadet S\u00e8vre et Maine sur lie - VGC\" \/>\n<meta property=\"og:url\" content=\"https:\/\/vgc.fr\/en\/vins\/oak-aged-muscadet-sevre-et-maine-sur-lie\/\" \/>\n<meta property=\"og:site_name\" content=\"VGC\" \/>\n<meta property=\"article:publisher\" content=\"https:\/\/www.facebook.com\/Vignobles.gunther.chereau\/\" \/>\n<meta property=\"article:modified_time\" content=\"2023-07-05T12:20:08+00:00\" \/>\n<meta property=\"og:image\" content=\"https:\/\/vgc.fr\/wp-content\/uploads\/2020\/01\/8-FT-F\u00fbts-de-Ch\u00eane-rect.png\" \/>\n\t<meta property=\"og:image:width\" content=\"600\" \/>\n\t<meta property=\"og:image:height\" content=\"1000\" \/>\n\t<meta property=\"og:image:type\" content=\"image\/png\" \/>\n<meta name=\"twitter:label1\" content=\"Est. reading time\" \/>\n\t<meta name=\"twitter:data1\" content=\"3 minutes\" \/>\n<script type=\"application\/ld+json\" class=\"yoast-schema-graph\">{\"@context\":\"https:\/\/schema.org\",\"@graph\":[{\"@type\":\"Organization\",\"@id\":\"https:\/\/vgc.fr\/#organization\",\"name\":\"Vignobles G\u00fcnther-Chereau\",\"url\":\"https:\/\/vgc.fr\/\",\"sameAs\":[\"https:\/\/www.facebook.com\/Vignobles.gunther.chereau\/\",\"https:\/\/www.instagram.com\/vgcmuscadet\/\",\"https:\/\/www.linkedin.com\/company\/les-vignobles-g\u00fcnther-ch\u00e9reau\/\"],\"logo\":{\"@type\":\"ImageObject\",\"@id\":\"https:\/\/vgc.fr\/#logo\",\"inLanguage\":\"en-US\",\"url\":\"https:\/\/vgc.fr\/wp-content\/uploads\/2019\/12\/FaviconVGC.png\",\"contentUrl\":\"https:\/\/vgc.fr\/wp-content\/uploads\/2019\/12\/FaviconVGC.png\",\"width\":1000,\"height\":1000,\"caption\":\"Vignobles G\u00fcnther-Chereau\"},\"image\":{\"@id\":\"https:\/\/vgc.fr\/#logo\"}},{\"@type\":\"WebSite\",\"@id\":\"https:\/\/vgc.fr\/#website\",\"url\":\"https:\/\/vgc.fr\/\",\"name\":\"Vignobles G\u00fcnther-Chereau\",\"description\":\"Vignobles G\u00dcNTHER CHEREAU\",\"publisher\":{\"@id\":\"https:\/\/vgc.fr\/#organization\"},\"potentialAction\":[{\"@type\":\"SearchAction\",\"target\":{\"@type\":\"EntryPoint\",\"urlTemplate\":\"https:\/\/vgc.fr\/?s={search_term_string}\"},\"query-input\":\"required name=search_term_string\"}],\"inLanguage\":\"en-US\"},{\"@type\":\"ImageObject\",\"@id\":\"https:\/\/vgc.fr\/en\/vins\/oak-aged-muscadet-sevre-et-maine-sur-lie\/#primaryimage\",\"inLanguage\":\"en-US\",\"url\":\"https:\/\/vgc.fr\/wp-content\/uploads\/2020\/01\/8-FT-F\u00fbts-de-Ch\u00eane-rect.png\",\"contentUrl\":\"https:\/\/vgc.fr\/wp-content\/uploads\/2020\/01\/8-FT-F\u00fbts-de-Ch\u00eane-rect.png\",\"width\":600,\"height\":1000},{\"@type\":\"WebPage\",\"@id\":\"https:\/\/vgc.fr\/en\/vins\/oak-aged-muscadet-sevre-et-maine-sur-lie\/#webpage\",\"url\":\"https:\/\/vgc.fr\/en\/vins\/oak-aged-muscadet-sevre-et-maine-sur-lie\/\",\"name\":\"Vieilli en F\u00fbt de Ch\u00eane - Muscadet S\u00e8vre et Maine sur lie - VGC\",\"isPartOf\":{\"@id\":\"https:\/\/vgc.fr\/#website\"},\"primaryImageOfPage\":{\"@id\":\"https:\/\/vgc.fr\/en\/vins\/oak-aged-muscadet-sevre-et-maine-sur-lie\/#primaryimage\"},\"datePublished\":\"2020-02-12T13:12:49+00:00\",\"dateModified\":\"2023-07-05T12:20:08+00:00\",\"breadcrumb\":{\"@id\":\"https:\/\/vgc.fr\/en\/vins\/oak-aged-muscadet-sevre-et-maine-sur-lie\/#breadcrumb\"},\"inLanguage\":\"en-US\",\"potentialAction\":[{\"@type\":\"ReadAction\",\"target\":[\"https:\/\/vgc.fr\/en\/vins\/oak-aged-muscadet-sevre-et-maine-sur-lie\/\"]}]},{\"@type\":\"BreadcrumbList\",\"@id\":\"https:\/\/vgc.fr\/en\/vins\/oak-aged-muscadet-sevre-et-maine-sur-lie\/#breadcrumb\",\"itemListElement\":[{\"@type\":\"ListItem\",\"position\":1,\"name\":\"Accueil\",\"item\":\"https:\/\/vgc.fr\/en\/\"},{\"@type\":\"ListItem\",\"position\":2,\"name\":\"Portfolio\",\"item\":\"https:\/\/vgc.fr\/en\/vins\/\"},{\"@type\":\"ListItem\",\"position\":3,\"name\":\"Vieilli en F\u00fbt de Ch\u00eane &#8211; Muscadet S\u00e8vre et Maine sur lie\"}]}]}<\/script>\n<!-- \/ Yoast SEO plugin. -->","yoast_head_json":{"title":"Vieilli en F\u00fbt de Ch\u00eane - Muscadet S\u00e8vre et Maine sur lie - VGC","robots":{"index":"index","follow":"follow","max-snippet":"max-snippet:-1","max-image-preview":"max-image-preview:large","max-video-preview":"max-video-preview:-1"},"canonical":"https:\/\/vgc.fr\/en\/vins\/oak-aged-muscadet-sevre-et-maine-sur-lie\/","og_locale":"en_US","og_type":"article","og_title":"Vieilli en F\u00fbt de Ch\u00eane - Muscadet S\u00e8vre et Maine sur lie - VGC","og_url":"https:\/\/vgc.fr\/en\/vins\/oak-aged-muscadet-sevre-et-maine-sur-lie\/","og_site_name":"VGC","article_publisher":"https:\/\/www.facebook.com\/Vignobles.gunther.chereau\/","article_modified_time":"2023-07-05T12:20:08+00:00","og_image":[{"width":600,"height":1000,"url":"https:\/\/vgc.fr\/wp-content\/uploads\/2020\/01\/8-FT-F\u00fbts-de-Ch\u00eane-rect.png","type":"image\/png"}],"twitter_misc":{"Est. reading time":"3 minutes"},"schema":{"@context":"https:\/\/schema.org","@graph":[{"@type":"Organization","@id":"https:\/\/vgc.fr\/#organization","name":"Vignobles G\u00fcnther-Chereau","url":"https:\/\/vgc.fr\/","sameAs":["https:\/\/www.facebook.com\/Vignobles.gunther.chereau\/","https:\/\/www.instagram.com\/vgcmuscadet\/","https:\/\/www.linkedin.com\/company\/les-vignobles-g\u00fcnther-ch\u00e9reau\/"],"logo":{"@type":"ImageObject","@id":"https:\/\/vgc.fr\/#logo","inLanguage":"en-US","url":"https:\/\/vgc.fr\/wp-content\/uploads\/2019\/12\/FaviconVGC.png","contentUrl":"https:\/\/vgc.fr\/wp-content\/uploads\/2019\/12\/FaviconVGC.png","width":1000,"height":1000,"caption":"Vignobles G\u00fcnther-Chereau"},"image":{"@id":"https:\/\/vgc.fr\/#logo"}},{"@type":"WebSite","@id":"https:\/\/vgc.fr\/#website","url":"https:\/\/vgc.fr\/","name":"Vignobles G\u00fcnther-Chereau","description":"Vignobles G\u00dcNTHER CHEREAU","publisher":{"@id":"https:\/\/vgc.fr\/#organization"},"potentialAction":[{"@type":"SearchAction","target":{"@type":"EntryPoint","urlTemplate":"https:\/\/vgc.fr\/?s={search_term_string}"},"query-input":"required name=search_term_string"}],"inLanguage":"en-US"},{"@type":"ImageObject","@id":"https:\/\/vgc.fr\/en\/vins\/oak-aged-muscadet-sevre-et-maine-sur-lie\/#primaryimage","inLanguage":"en-US","url":"https:\/\/vgc.fr\/wp-content\/uploads\/2020\/01\/8-FT-F\u00fbts-de-Ch\u00eane-rect.png","contentUrl":"https:\/\/vgc.fr\/wp-content\/uploads\/2020\/01\/8-FT-F\u00fbts-de-Ch\u00eane-rect.png","width":600,"height":1000},{"@type":"WebPage","@id":"https:\/\/vgc.fr\/en\/vins\/oak-aged-muscadet-sevre-et-maine-sur-lie\/#webpage","url":"https:\/\/vgc.fr\/en\/vins\/oak-aged-muscadet-sevre-et-maine-sur-lie\/","name":"Vieilli en F\u00fbt de Ch\u00eane - Muscadet S\u00e8vre et Maine sur lie - VGC","isPartOf":{"@id":"https:\/\/vgc.fr\/#website"},"primaryImageOfPage":{"@id":"https:\/\/vgc.fr\/en\/vins\/oak-aged-muscadet-sevre-et-maine-sur-lie\/#primaryimage"},"datePublished":"2020-02-12T13:12:49+00:00","dateModified":"2023-07-05T12:20:08+00:00","breadcrumb":{"@id":"https:\/\/vgc.fr\/en\/vins\/oak-aged-muscadet-sevre-et-maine-sur-lie\/#breadcrumb"},"inLanguage":"en-US","potentialAction":[{"@type":"ReadAction","target":["https:\/\/vgc.fr\/en\/vins\/oak-aged-muscadet-sevre-et-maine-sur-lie\/"]}]},{"@type":"BreadcrumbList","@id":"https:\/\/vgc.fr\/en\/vins\/oak-aged-muscadet-sevre-et-maine-sur-lie\/#breadcrumb","itemListElement":[{"@type":"ListItem","position":1,"name":"Accueil","item":"https:\/\/vgc.fr\/en\/"},{"@type":"ListItem","position":2,"name":"Portfolio","item":"https:\/\/vgc.fr\/en\/vins\/"},{"@type":"ListItem","position":3,"name":"Vieilli en F\u00fbt de Ch\u00eane &#8211; Muscadet S\u00e8vre et Maine sur lie"}]}]}},"_links":{"self":[{"href":"https:\/\/vgc.fr\/en\/wp-json\/wp\/v2\/avada_portfolio\/2256"}],"collection":[{"href":"https:\/\/vgc.fr\/en\/wp-json\/wp\/v2\/avada_portfolio"}],"about":[{"href":"https:\/\/vgc.fr\/en\/wp-json\/wp\/v2\/types\/avada_portfolio"}],"author":[{"embeddable":true,"href":"https:\/\/vgc.fr\/en\/wp-json\/wp\/v2\/users\/2"}],"replies":[{"embeddable":true,"href":"https:\/\/vgc.fr\/en\/wp-json\/wp\/v2\/comments?post=2256"}],"version-history":[{"count":8,"href":"https:\/\/vgc.fr\/en\/wp-json\/wp\/v2\/avada_portfolio\/2256\/revisions"}],"predecessor-version":[{"id":3564,"href":"https:\/\/vgc.fr\/en\/wp-json\/wp\/v2\/avada_portfolio\/2256\/revisions\/3564"}],"wp:featuredmedia":[{"embeddable":true,"href":"https:\/\/vgc.fr\/en\/wp-json\/wp\/v2\/media\/2258"}],"wp:attachment":[{"href":"https:\/\/vgc.fr\/en\/wp-json\/wp\/v2\/media?parent=2256"}],"wp:term":[{"taxonomy":"portfolio_category","embeddable":true,"href":"https:\/\/vgc.fr\/en\/wp-json\/wp\/v2\/portfolio_category?post=2256"},{"taxonomy":"portfolio_skills","embeddable":true,"href":"https:\/\/vgc.fr\/en\/wp-json\/wp\/v2\/portfolio_skills?post=2256"},{"taxonomy":"portfolio_tags","embeddable":true,"href":"https:\/\/vgc.fr\/en\/wp-json\/wp\/v2\/portfolio_tags?post=2256"}],"curies":[{"name":"wp","href":"https:\/\/api.w.org\/{rel}","templated":true}]}}